{"id":113,"date":"2021-01-12T03:45:24","date_gmt":"2021-01-12T03:45:24","guid":{"rendered":"http:\/\/spadkowebiuro.pl\/index.php\/kadry-place-zus\/"},"modified":"2021-01-12T03:45:29","modified_gmt":"2021-01-12T03:45:29","slug":"kadry-place-zus","status":"publish","type":"page","link":"https:\/\/spadkowebiuro.pl\/index.php\/kadry-place-zus\/","title":{"rendered":"Kadry P\u0142ace ZUS"},"content":{"rendered":"\n   \n    <section class=\"-lg -sm -xl -xs u-align-center u-clearfix u-image u-section-1\" src=\"\" id=\"sec-d3d6\" data-image-width=\"1280\" data-image-height=\"754\">\n      <div class=\"u-clearfix u-sheet u-sheet-1\">\n        <div class=\"u-container-style u-group u-white u-group-1\">\n          <div class=\"u-container-layout u-valign-middle u-container-layout-1\">\n            <h1 class=\"u-align-left u-custom-font u-font-montserrat u-text u-text-palette-1-base u-text-1\">Kadry<br>P\u0142ace<br>Zus\n            <\/h1>\n          <\/div>\n        <\/div>\n      <\/div>\n    <\/section>\n    <section class=\"u-clearfix u-section-2\" id=\"sec-0488\">\n      <div class=\"u-clearfix u-sheet u-sheet-1\">\n        <div class=\"u-container-style u-expanded-width u-group u-shape-rectangle u-group-1\">\n          <div class=\"u-container-layout u-valign-top-xl u-container-layout-1\">\n            <h2 class=\"u-custom-font u-font-montserrat u-text u-text-palette-1-base u-text-1\">\n              <span style=\"font-weight: 400;\">W zakres obs\u0142ugi kadrowo-p\u0142acowej wchodzi m.in.:<\/span>\n              <br>\n            <\/h2>\n          <\/div>\n        <\/div>\n        <div class=\"u-clearfix u-expanded-width u-layout-wrap u-layout-wrap-1\">\n          <div class=\"u-gutter-0 u-layout\">\n            <div class=\"u-layout-row\">\n              <div class=\"u-container-style u-layout-cell u-size-60 u-layout-cell-1\">\n                <div class=\"u-container-layout u-valign-top u-container-layout-2\">\n                  <p class=\"u-text u-text-body-color u-text-2\">sporz\u0105dzanie\n\tlist p\u0142ac \/ rozlicze\u0144 p\u0142acowych<br>przygotowywanie\n\twszystkich deklaracji i raport\u00f3w wymaganych przez ZUS<br>przygotowywanie\n\tdeklaracji miesi\u0119cznych z tytu\u0142u podatku dochodowego os\u00f3b\n\tfizycznych (pracownicy zatrudnieni w ramach umowy o prac\u0119, a tak\u017ce\n\tum\u00f3w-zlece\u0144 i um\u00f3w o dzie\u0142o)<br>przygotowywanie\n\tinformacji o dochodach rocznych pracownik\u00f3w<br>prowadzenie\n\tspraw kadrowych, teczek osobowych pracownik\u00f3w&nbsp;<br>pomoc\n\tprzy szkoleniach BHP<br>przekazywanie\n\tdokument\u00f3w do ZUS w formie przekazu elektronicznego\n                  <\/p>\n                <\/div>\n              <\/div>\n            <\/div>\n          <\/div>\n        <\/div>\n      <\/div>\n    <\/section>\n    \n    \n    \n  \n","protected":false},"excerpt":{"rendered":"<p>KadryP\u0142aceZus W zakres obs\u0142ugi kadrowo-p\u0142acowej wchodzi m.in.: sporz\u0105dzanie list p\u0142ac \/ rozlicze\u0144 p\u0142acowychprzygotowywanie wszystkich deklaracji i raport\u00f3w wymaganych przez ZUSprzygotowywanie deklaracji miesi\u0119cznych z tytu\u0142u podatku dochodowego os\u00f3b fizycznych (pracownicy zatrudnieni w ramach umowy o prac\u0119, a tak\u017ce um\u00f3w-zlece\u0144 i um\u00f3w o dzie\u0142o)przygotowywanie informacji o dochodach rocznych pracownik\u00f3wprowadzenie spraw kadrowych, teczek osobowych pracownik\u00f3w&nbsp;pomoc przy szkoleniach BHPprzekazywanie &hellip; <a href=\"https:\/\/spadkowebiuro.pl\/index.php\/kadry-place-zus\/\" class=\"more-link\">Continue reading<span class=\"screen-reader-text\"> &#8222;Kadry P\u0142ace ZUS&#8221;<\/span><\/a><\/p>\n","protected":false},"author":1,"featured_media":0,"parent":0,"menu_order":5,"comment_status":"closed","ping_status":"closed","template":"","meta":[],"yoast_head":"<!-- This site is optimized with the Yoast SEO plugin v15.6.2 - https:\/\/yoast.com\/wordpress\/plugins\/seo\/ -->\n<title>Kadry P\u0142ace ZUS - Spadkowe Biuro Rachunkowe Iwona Stryjakiewicz<\/title>\n<meta name=\"robots\" content=\"index, follow, max-snippet:-1, max-image-preview:large, max-video-preview:-1\" \/>\n<link rel=\"canonical\" href=\"https:\/\/spadkowebiuro.pl\/index.php\/kadry-place-zus\/\" \/>\n<meta property=\"og:locale\" content=\"pl_PL\" \/>\n<meta property=\"og:type\" content=\"article\" \/>\n<meta property=\"og:title\" content=\"Kadry P\u0142ace ZUS - Spadkowe Biuro Rachunkowe Iwona Stryjakiewicz\" \/>\n<meta property=\"og:description\" content=\"KadryP\u0142aceZus W zakres obs\u0142ugi kadrowo-p\u0142acowej wchodzi m.in.: sporz\u0105dzanie list p\u0142ac \/ rozlicze\u0144 p\u0142acowychprzygotowywanie wszystkich deklaracji i raport\u00f3w wymaganych przez ZUSprzygotowywanie deklaracji miesi\u0119cznych z tytu\u0142u podatku dochodowego os\u00f3b fizycznych (pracownicy zatrudnieni w ramach umowy o prac\u0119, a tak\u017ce um\u00f3w-zlece\u0144 i um\u00f3w o dzie\u0142o)przygotowywanie informacji o dochodach rocznych pracownik\u00f3wprowadzenie spraw kadrowych, teczek osobowych pracownik\u00f3w&nbsp;pomoc przy szkoleniach BHPprzekazywanie &hellip; Continue reading &quot;Kadry P\u0142ace ZUS&quot;\" \/>\n<meta property=\"og:url\" content=\"https:\/\/spadkowebiuro.pl\/index.php\/kadry-place-zus\/\" \/>\n<meta property=\"og:site_name\" content=\"Spadkowe Biuro Rachunkowe Iwona Stryjakiewicz\" \/>\n<meta property=\"article:modified_time\" content=\"2021-01-12T03:45:29+00:00\" \/>\n<meta name=\"twitter:card\" content=\"summary_large_image\" \/>\n<script type=\"application\/ld+json\" class=\"yoast-schema-graph\">{\"@context\":\"https:\/\/schema.org\",\"@graph\":[{\"@type\":\"WebSite\",\"@id\":\"https:\/\/spadkowebiuro.pl\/#website\",\"url\":\"https:\/\/spadkowebiuro.pl\/\",\"name\":\"Spadkowe Biuro Rachunkowe Iwona Stryjakiewicz\",\"description\":\"\",\"potentialAction\":[{\"@type\":\"SearchAction\",\"target\":\"https:\/\/spadkowebiuro.pl\/?s={search_term_string}\",\"query-input\":\"required name=search_term_string\"}],\"inLanguage\":\"pl-PL\"},{\"@type\":\"WebPage\",\"@id\":\"https:\/\/spadkowebiuro.pl\/index.php\/kadry-place-zus\/#webpage\",\"url\":\"https:\/\/spadkowebiuro.pl\/index.php\/kadry-place-zus\/\",\"name\":\"Kadry P\\u0142ace ZUS - Spadkowe Biuro Rachunkowe Iwona Stryjakiewicz\",\"isPartOf\":{\"@id\":\"https:\/\/spadkowebiuro.pl\/#website\"},\"datePublished\":\"2021-01-12T03:45:24+00:00\",\"dateModified\":\"2021-01-12T03:45:29+00:00\",\"inLanguage\":\"pl-PL\",\"potentialAction\":[{\"@type\":\"ReadAction\",\"target\":[\"https:\/\/spadkowebiuro.pl\/index.php\/kadry-place-zus\/\"]}]}]}<\/script>\n<!-- \/ Yoast SEO plugin. -->","_links":{"self":[{"href":"https:\/\/spadkowebiuro.pl\/index.php\/wp-json\/wp\/v2\/pages\/113"}],"collection":[{"href":"https:\/\/spadkowebiuro.pl\/index.php\/wp-json\/wp\/v2\/pages"}],"about":[{"href":"https:\/\/spadkowebiuro.pl\/index.php\/wp-json\/wp\/v2\/types\/page"}],"author":[{"embeddable":true,"href":"https:\/\/spadkowebiuro.pl\/index.php\/wp-json\/wp\/v2\/users\/1"}],"replies":[{"embeddable":true,"href":"https:\/\/spadkowebiuro.pl\/index.php\/wp-json\/wp\/v2\/comments?post=113"}],"version-history":[{"count":1,"href":"https:\/\/spadkowebiuro.pl\/index.php\/wp-json\/wp\/v2\/pages\/113\/revisions"}],"predecessor-version":[{"id":127,"href":"https:\/\/spadkowebiuro.pl\/index.php\/wp-json\/wp\/v2\/pages\/113\/revisions\/127"}],"wp:attachment":[{"href":"https:\/\/spadkowebiuro.pl\/index.php\/wp-json\/wp\/v2\/media?parent=113"}],"curies":[{"name":"wp","href":"https:\/\/api.w.org\/{rel}","templated":true}]}}